{"id":441,"date":"2017-12-10T01:41:23","date_gmt":"2017-12-10T01:41:23","guid":{"rendered":"https:\/\/www.researchcashlab.com\/?page_id=441"},"modified":"2022-03-01T19:10:02","modified_gmt":"2022-03-01T19:10:02","slug":"politica-de-privacidad","status":"publish","type":"page","link":"https:\/\/www.researchcashlab.com\/en\/politica-de-privacidad\/","title":{"rendered":"Pol\u00edtica de Privacidad"},"content":{"rendered":"<section class=\"section  text-normal section-text-no-shadow section-inner-no-shadow section-normal section-opaque\"  >\n    \n    <div class=\"background-overlay grid-overlay-0\" style=\"background-color: rgba(0,0,0,0);\"><\/div>\n\n    <div class=\"container container-vertical-default\">\n        <div class=\"row vertical-default\">\n            <div class=\"col-md-12     text-default small-screen-default\"  ><div class=\"col-text-1 text-normal  element-top-20 element-bottom-20\" data-os-animation=\"none\" data-os-animation-delay=\"0s\">\n    <h1 class=\"kw-cl text-center\" style=\"text-align: center;\"><strong>Pol\u00edtica de\u00a0Privacidad<\/strong><\/h1>\n<h2>\u00bfCu\u00e1l es el objeto de la Pol\u00edtica de Privacidad?<\/h2>\n<h3 class=\"text-justify\">En cumplimiento de la legislaci\u00f3n vigente en materia de protecci\u00f3n de datos de car\u00e1cter personal, es objeto de esta pol\u00edtica poner en conocimiento de la persona usuaria de este sitio web Research+Cashlab (en adelante sitio web o sitio), la pol\u00edtica respecto del tratamiento y protecci\u00f3n de los datos de car\u00e1cter personal como consecuencia del uso de este sitio web.<\/h3>\n<h3 class=\"text-justify\">Esta pol\u00edtica se completa y es de aplicaci\u00f3n subsidiaria con aquellos textos informativos y de petici\u00f3n de consentimiento informado que se incorporen a cualquier formulario de petici\u00f3n de datos de este sitio web o se incluyan en cualesquiera condiciones particulares que se pudieran publicar para uso de este sitio web.<\/h3>\n<h3 class=\"text-justify\">Es responsabilidad de la persona usuaria leer -de forma previa a comunicar sus datos personales a Universitat de Valencia- los textos informativos y textos de petici\u00f3n de consentimiento incluidos en cualquier formulario u otro medio de petici\u00f3n de datos de este sitio web.<\/h3>\n<h2>\u00bfCu\u00e1l es su \u00e1mbito normativo?<\/h2>\n<h3 class=\"text-justify\">Universitat de Valencia informa a la persona usuaria que cualquier tratamiento de datos personales, quedar\u00e1 bajo el \u00e1mbito de aplicaci\u00f3n de la legislaci\u00f3n vigente en Espa\u00f1a en materia de protecci\u00f3n de datos consistente en el Reglamento (UE) 2016\/679 del parlamento europeo y del consejo de 27 de abril de 2016 relativo a la protecci\u00f3n de las personas f\u00edsicas en lo que respecta al tratamiento de datos personales y a la libre circulaci\u00f3n de estos datos y por el que se deroga la Directiva 95\/46\/CE (Reglamento general de protecci\u00f3n de datos o RGPD) y la Ley Org\u00e1nica de Protecci\u00f3n de Datos y Garant\u00eda de los Derechos Digitales (LOPDGDD).<\/h3>\n<h2>\u00bfQui\u00e9n es el responsable del tratamiento de los datos personales?<\/h2>\n<h3 class=\"text-justify\">El responsable del tratamiento de los datos personales recogidos y tratados como consecuencia del acceso y uso de este sitio web es Universitat de Valencia las siguientes direcciones y datos de contacto:<\/h3>\n<h3 class=\"text-justify\">Postal: Avda. de los Naranjos s\/n 46022 Valencia.<\/h3>\n<h3 class=\"text-justify\">Electr\u00f3nica:\u00a0<a href=\"mailto:irene.comeig@uv.es\">irene.comeig@uv.es<\/a><\/h3>\n<h3 class=\"text-justify\">Tel\u00e9fono: +34 961 625 072.<\/h3>\n<h2>\u00bfCu\u00e1les son los datos de contacto del delegado de protecci\u00f3n de datos de la Universitat de Valencia?<\/h2>\n<h3 class=\"text-justify\">Javier Plaza Penad\u00e9s<\/h3>\n<h3 class=\"text-justify\">Delegado de Protecci\u00f3n de Datos<\/h3>\n<h3 class=\"text-justify\">D. Postal: Ed. Rectorado Av.Blasco Iba\u00f1ez, 13 Valencia 46010<\/h3>\n<h3 class=\"text-justify\">D. Electr\u00f3nica:\u00a0<a href=\"mailto:lopd@uv.es\">lopd@uv.es<\/a><\/h3>\n<h3 class=\"text-justify\">Tel\u00e9fono: +34 961 625 431<\/h3>\n<h2>\u00bfC\u00f3mo garantizamos la exactitud y veracidad de los datos de car\u00e1cter personal?<\/h2>\n<h3 class=\"text-justify\">Los datos personales que la persona usuaria comunique a Universitat de Valencia deber\u00e1n ser veraces, exactos y actualizados y \u00fanicamente correspondiente a su propia identidad, a trav\u00e9s de cualquier canal de recogida de datos publicado en este sitio web, tal como formularios, env\u00edo de un correo electr\u00f3nico, comunicaci\u00f3n postal y\/o mediante una llamada de tel\u00e9fono.<\/h3>\n<h3 class=\"text-justify\">Queda prohibido proporcionar datos de terceros salvo que se cuente con el consentimiento u otra base leg\u00edtima de tratamiento y con un fin leg\u00edtimo.<\/h3>\n<h3 class=\"text-justify\">La persona usuaria es la \u00fanica responsable de la veracidad, exactitud, actualizaci\u00f3n y correcci\u00f3n de los datos que proporcione a Universitat de Valencia, exoner\u00e1ndose Universitat de Valencia de cualquier responsabilidad al respecto, comprometi\u00e9ndose la persona usuaria a mantener los datos personales debidamente actualizados, para lo cual adem\u00e1s, puede llevar a cabo el ejercicio de su derecho de rectificaci\u00f3n. En todo caso, se entender\u00e1n exactos y actuales los datos personales que hubiesen sido obtenidos por Universitat de Valencia directamente de la persona usuaria.<\/h3>\n<h2>\u00bfCon qu\u00e9 finalidad y base jur\u00eddica trataremos sus datos personales?<\/h2>\n<h3 class=\"text-justify\">En este sitio web se publica informaci\u00f3n sobre distintos medios y canales a trav\u00e9s de los cuales la persona usuaria puede proporcionar sus datos personales a Universitat de Valencia, entre otros, mediante el env\u00edo de un correo electr\u00f3nico a las direcciones publicadas en el sitio, a trav\u00e9s de llamadas telef\u00f3nicas y cumplimentaci\u00f3n de formularios.<\/h3>\n<h3 class=\"text-justify\">La persona usuaria queda informada de que los datos personales que se proporcionen a Universitat de Valencia por el acceso y uso de este sitio o como consecuencia del mismo, podr\u00e1n ser tratados con la siguiente base jur\u00eddica y fines de tratamiento:<\/h3>\n<h3 class=\"text-center\" style=\"text-align: center;\"><strong>Atenci\u00f3n y contestaci\u00f3n de los mensajes recibidos por correo electr\u00f3nico y formulario de contacto<\/strong><\/h3>\n<h3 class=\"text-justify\">Cuando la persona usuaria cumplimente el formulario de sugerencias publicado en este sitio, env\u00ede un correo electr\u00f3nico a las direcciones de contacto publicadas en el sitio, o llame por tel\u00e9fono y comunique sus datos personales a Universitat de Valencia solicitando alg\u00fan tipo de informaci\u00f3n o realizando una consulta, con base jur\u00eddica en el consentimiento que la persona usuaria expresamente otorga mediante la comunicaci\u00f3n voluntaria de sus datos personales a trav\u00e9s de cualquiera de estos medios, sus datos personales ser\u00e1n tratados por Universitat de Valencia para atender y contestar al mensaje y petici\u00f3n realizada por la persona usuaria.<\/h3>\n<h3 class=\"text-center\" style=\"text-align: center;\"><b>Registro en el sitio web y prestaci\u00f3n del servicio de valoraci\u00f3n<\/b><\/h3>\n<h3 class=\"text-justify\">Cuando la persona usuaria cumplimente el formulario de registro, con base jur\u00eddica en la relaci\u00f3n contractual entre la persona usuaria y la Universitat de Valencia derivada de la aplicaci\u00f3n de los t\u00e9rminos y condiciones de la pol\u00edtica de uso del sitio, los datos personales de la persona usuaria ser\u00e1n tratados para la gesti\u00f3n de su registro y para la prestaci\u00f3n del servicio de valoraci\u00f3n lo que incluye el env\u00edo del resultado y otras comunicaciones de servicio.<\/h3>\n<h2 style=\"text-align: left;\">Destinatarios de los datos personales de la persona usuaria<\/h2>\n<h3 class=\"text-justify\">Universitat de Valencia informa a la persona usuaria de que, salvo obligaci\u00f3n legal, no tiene prevista la realizaci\u00f3n de cesiones o comunicaciones de sus datos personales a terceros, por lo que, dicha comunicaci\u00f3n s\u00f3lo se producir\u00e1 en todo caso, en base al cumplimiento de las normas jur\u00eddicas aplicables, a las administraciones p\u00fablicas competentes por raz\u00f3n de la materia, en el caso en que Universitat de Valencia est\u00e9 obligada a realizar dicha comunicaci\u00f3n.<\/h3>\n<h3 class=\"text-justify\">En todo caso, Universitat de Valencia informa a la persona usuaria de que sus datos personales podr\u00e1n ser tratados bajo encargo por entidades que prestan a Universitat de Valencia distintos servicios auxiliares (tambi\u00e9n denominados encargados del tratamiento), as\u00ed como tareas de soporte y administraci\u00f3n de sus sistemas, a trav\u00e9s de contratos de encargo del tratamiento y siempre siguiendo las instrucciones de Universitat de Valencia, con las debidas garant\u00edas de confidencialidad y seguridad.<\/h3>\n<h2 style=\"text-align: left;\">Plazo de conservaci\u00f3n de los datos<\/h2>\n<h3>Universitat de Valencia conservar\u00e1 los datos de la persona usuaria mientras se mantenga la finalidad y base leg\u00edtima del tratamiento, as\u00ed como durante los plazos establecidos en las normas vigentes para el cumplimiento de obligaciones legales y atenci\u00f3n de posibles responsabilidades.<\/h3>\n<h2 style=\"text-align: left;\">Transferencias internacionales<\/h2>\n<h3 class=\"text-justify\">Universitat de Valencia no llevar\u00e1 a cabo transferencias internacionales de los datos personales de la persona usuaria ni a pa\u00edses ni a organizaciones internacionales.<\/h3>\n<h2 style=\"text-align: left;\">Derechos para la protecci\u00f3n de los datos personales<\/h2>\n<h3 class=\"text-justify\">Universitat de Valencia informa a la persona usuaria de la posibilidad de ejercitar sus derechos de acceso, rectificaci\u00f3n, supresi\u00f3n, oposici\u00f3n, limitaci\u00f3n al tratamiento, portabilidad, as\u00ed como a no ser objeto de decisiones basadas \u00fanicamente en el tratamiento automatizado de sus datos, mediante env\u00edo de su solicitud escrita, indicando el derecho que ejercita, junto con una copia de su DNI\/NIF o documento v\u00e1lido en derecho que lo identifique, a las siguientes direcciones:<\/h3>\n<h3 class=\"text-justify\">Postal: Avda. de los Naranjos s\/n 46022 Valencia.<\/h3>\n<h3 class=\"text-justify\">Electr\u00f3nica:\u00a0<a href=\"mailto:irene.comeig@uv.es\">irene.comeig@uv.es<\/a><\/h3>\n<h2 style=\"text-align: left;\">Derecho a reclamar la tutela de la Autoridad de Control<\/h2>\n<h3 class=\"text-justify\">Asimismo, se informa a la persona usuaria que tiene derecho a presentar una reclamaci\u00f3n ante la Agencia Espa\u00f1ola de Protecci\u00f3n de Datos (<a href=\"http:\/\/researchcashlab.devstatresearch.com\/www.agpd.es\" target=\"_blank\" rel=\"noopener noreferrer\">www.agpd.es<\/a>) y direcci\u00f3n postal en C\/ Jorge Juan, 6. 28001 \u2013 Madrid, y\/o tel\u00e9fono de contacto 912 663 517), as\u00ed como a solicitar su tutela en relaci\u00f3n con el ejercicio de sus derechos.<\/h3>\n<h3 class=\"text-justify\">Con car\u00e1cter previo a la presentaci\u00f3n de dicha reclamaci\u00f3n en Agencia Espa\u00f1ola de Protecci\u00f3n de Datos y de forma totalmente voluntaria, la persona usuaria puede dirigirse al delegado de protecci\u00f3n de datos de la Universitat de Valencia a trav\u00e9s de la siguiente direcci\u00f3n electr\u00f3nica de contacto D. Electr\u00f3nica:\u00a0<a href=\"mailto:lopd@uv.es\">lopd@uv.es<\/a><\/h3>\n<h2>Sobre los datos personales publicados en este sitio<\/h2>\n<h3 class=\"text-justify\">En relaci\u00f3n con los datos personales que puedan publicarse en este sitio de Universitat de Valencia (direcciones de correo, nombres y apellidos, im\u00e1genes, u otros) se pone en conocimiento de la persona usuaria que dichos datos forman parte de una o varias actividades de tratamiento de datos responsabilidad de Universitat de Valencia en que han sido incorporados con una base jur\u00eddica de tratamiento concreta propia de la Universitat de Valencia y no pueden ser libremente tratados y reproducidos por la persona usuaria u otros terceros -ni a\u00fan siquiera cuando se haga referencia al origen de los mismos- salvo que se obtenga la previa autorizaci\u00f3n y consentimiento informado de la propia persona interesada y\/o el tratamiento se ampare en otra base jur\u00eddica l\u00edcita.<\/h3>\n<h3 class=\"text-justify\">Queda prohibido el uso de dichos datos para cualquier otra finalidad y, en concreto, su utilizaci\u00f3n para fines de car\u00e1cter comercial o publicitario.<\/h3>\n<h3 class=\"text-justify\">Por tanto, todos los datos personales de cualquier naturaleza que hayan sido publicados en este sitio s\u00f3lo podr\u00e1n ser utilizados por la persona usuaria con el fin de participar y disfrutar de nuestro sitio web en la forma establecida en la presente pol\u00edtica, o en su caso condiciones generales y particulares que lo regulen y en el marco de la legalidad vigente, quedando expresamente prohibido cualesquiera otros usos distintos a los se\u00f1alados, incluida la incorporaci\u00f3n de las im\u00e1genes o los datos a ficheros o tratamientos y\/o creaci\u00f3n de bases de datos de personas y\/o env\u00edo de publicidad o cesi\u00f3n a terceros, sin el previo consentimiento informado de la persona interesada titular de las informaciones y datos, no siendo responsable Universitat de Valencia de los usos que la persona usuaria u otros terceros efect\u00faen contraviniendo lo establecido en estas condiciones y otras que los regulen.<\/h3>\n<h3 class=\"text-justify\">En ning\u00fan momento la persona usuaria debe considerar que este sitio web de Universitat de Valencia es una fuente accesible al p\u00fablico de la cual se pueda hacer una libre disposici\u00f3n de los datos personales, informaciones y contenidos publicados a trav\u00e9s del mismo.<\/h3>\n<h3 class=\"text-justify\">Los usos contrarios a lo establecido en esta cl\u00e1usula dar\u00e1n lugar a la notificaci\u00f3n de los hechos a la Agencia Espa\u00f1ola de Protecci\u00f3n de Datos por parte de la Universitat de Valencia, u otras autoridades competentes, sin perjuicio del ejercicio por la Universitat de Val\u00e8ncia de las actuaciones adicionales que legalmente le asistan.<\/h3>\n<h2>\u00bfQu\u00e9 medidas de seguridad tenemos implantadas?<\/h2>\n<h3 class=\"text-justify\">Universitat de Valencia informa a la persona usuaria de que tratar\u00e1 los datos personales que recoja a trav\u00e9s de este sitio web, de forma segura, aplicando las medidas t\u00e9cnicas y organizativas apropiadas para garantizar un nivel de seguridad adecuado al riesgo, teniendo en cuenta el estado de la t\u00e9cnica, los costes de aplicaci\u00f3n, y la naturaleza, el alcance, el contexto y los fines del tratamiento, as\u00ed como riesgos de probabilidad y gravedad variables para los derechos y libertades de las personas usuarias.<\/h3>\n<h2>Sobre la actualizaci\u00f3n de esta pol\u00edtica<\/h2>\n<h3 class=\"text-justify\">Peri\u00f3dicamente Universitat de Valencia podr\u00e1 actualizar esta Pol\u00edtica de Privacidad. Sin perjuicio de la comunicaci\u00f3n por parte de Universitat de Valencia a la persona usuaria de las actualizaciones que se lleven a cabo en los casos en que as\u00ed est\u00e9 previsto, ser\u00e1 responsabilidad de la persona usuaria acceder peri\u00f3dicamente a la Pol\u00edtica de Privacidad de Universitat de Valencia publicada en este sitio web, a fin de conocer en todo momento la \u00faltima versi\u00f3n.<\/h3>\n<h2>\u00bfC\u00f3mo contactar con Universitat de Valencia para cualquier duda sobre esta pol\u00edtica de privacidad?<\/h2>\n<h3 class=\"text-justify\">Para cualquier consulta sobre la presente Pol\u00edtica de Privacidad, la persona usuaria podr\u00e1 dirigirse a Universitat de Valencia por medio electr\u00f3nico a trav\u00e9s de la siguiente direcci\u00f3n de correo electr\u00f3nico\u00a0<a href=\"mailto:irene.comeig@uv.es\">irene.comeig@uv.es<\/a><\/h3>\n<\/div>\n<\/div>        <\/div>\n    <\/div>\n<\/section>","protected":false},"excerpt":{"rendered":"Pol\u00edtica de\u00a0Privacidad \u00bfCu\u00e1l es el objeto de la Pol\u00edtica de Privacidad? En cumplimiento de la legislaci\u00f3n vigente en materia de protecci\u00f3n de datos de car\u00e1cter personal, es objeto de esta pol\u00edtica poner en conocimiento de la persona usuaria de este sitio web Research+Cashlab (en adelante sitio web o sitio), la pol\u00edtica respecto del tratamiento y","protected":false},"author":3,"featured_media":0,"parent":0,"menu_order":0,"comment_status":"closed","ping_status":"closed","template":"","meta":[],"yoast_head":"<!-- This site is optimized with the Yoast SEO plugin v20.8 - https:\/\/yoast.com\/wordpress\/plugins\/seo\/ -->\n<title>Pol\u00edtica de Privacidad | Research + Cash Lab<\/title>\n<meta name=\"robots\" content=\"index, follow, max-snippet:-1, max-image-preview:large, max-video-preview:-1\" \/>\n<link rel=\"canonical\" href=\"https:\/\/www.researchcashlab.com\/en\/politica-de-privacidad\/\" \/>\n<meta property=\"og:locale\" content=\"en_US\" \/>\n<meta property=\"og:type\" content=\"article\" \/>\n<meta property=\"og:title\" content=\"Pol\u00edtica de Privacidad | Research + Cash Lab\" \/>\n<meta property=\"og:url\" content=\"https:\/\/www.researchcashlab.com\/en\/politica-de-privacidad\/\" \/>\n<meta property=\"og:site_name\" content=\"Research + Cash Lab\" \/>\n<meta property=\"article:modified_time\" content=\"2022-03-01T19:10:02+00:00\" \/>\n<meta name=\"twitter:card\" content=\"summary_large_image\" \/>\n<meta name=\"twitter:label1\" content=\"Est. reading time\" \/>\n\t<meta name=\"twitter:data1\" content=\"10 minutes\" \/>\n<script type=\"application\/ld+json\" class=\"yoast-schema-graph\">{\"@context\":\"https:\/\/schema.org\",\"@graph\":[{\"@type\":\"WebPage\",\"@id\":\"https:\/\/www.researchcashlab.com\/politica-de-privacidad\/\",\"url\":\"https:\/\/www.researchcashlab.com\/politica-de-privacidad\/\",\"name\":\"Pol\u00edtica de Privacidad | Research + Cash Lab\",\"isPartOf\":{\"@id\":\"https:\/\/www.researchcashlab.com\/#website\"},\"datePublished\":\"2017-12-10T01:41:23+00:00\",\"dateModified\":\"2022-03-01T19:10:02+00:00\",\"breadcrumb\":{\"@id\":\"https:\/\/www.researchcashlab.com\/politica-de-privacidad\/#breadcrumb\"},\"inLanguage\":\"en-US\",\"potentialAction\":[{\"@type\":\"ReadAction\",\"target\":[\"https:\/\/www.researchcashlab.com\/politica-de-privacidad\/\"]}]},{\"@type\":\"BreadcrumbList\",\"@id\":\"https:\/\/www.researchcashlab.com\/politica-de-privacidad\/#breadcrumb\",\"itemListElement\":[{\"@type\":\"ListItem\",\"position\":1,\"name\":\"Portada\",\"item\":\"https:\/\/www.researchcashlab.com\/\"},{\"@type\":\"ListItem\",\"position\":2,\"name\":\"Pol\u00edtica de Privacidad\"}]},{\"@type\":\"WebSite\",\"@id\":\"https:\/\/www.researchcashlab.com\/#website\",\"url\":\"https:\/\/www.researchcashlab.com\/\",\"name\":\"Research + Cash Lab\",\"description\":\"Integramos su investigaci&Atilde;&sup3;n al mercado de empresa\",\"publisher\":{\"@id\":\"https:\/\/www.researchcashlab.com\/#organization\"},\"potentialAction\":[{\"@type\":\"SearchAction\",\"target\":{\"@type\":\"EntryPoint\",\"urlTemplate\":\"https:\/\/www.researchcashlab.com\/?s={search_term_string}\"},\"query-input\":\"required name=search_term_string\"}],\"inLanguage\":\"en-US\"},{\"@type\":\"Organization\",\"@id\":\"https:\/\/www.researchcashlab.com\/#organization\",\"name\":\"Research + Cash Lab\",\"url\":\"https:\/\/www.researchcashlab.com\/\",\"logo\":{\"@type\":\"ImageObject\",\"inLanguage\":\"en-US\",\"@id\":\"https:\/\/www.researchcashlab.com\/#\/schema\/logo\/image\/\",\"url\":\"https:\/\/www.researchcashlab.com\/wp-content\/uploads\/2017\/11\/imgpsh_fullsize-1.png\",\"contentUrl\":\"https:\/\/www.researchcashlab.com\/wp-content\/uploads\/2017\/11\/imgpsh_fullsize-1.png\",\"width\":579,\"height\":195,\"caption\":\"Research + Cash Lab\"},\"image\":{\"@id\":\"https:\/\/www.researchcashlab.com\/#\/schema\/logo\/image\/\"},\"sameAs\":[\"https:\/\/www.linkedin.com\/in\/irene-comeig-ramirez-70b71b7\/\"]}]}<\/script>\n<!-- \/ Yoast SEO plugin. -->","yoast_head_json":{"title":"Pol\u00edtica de Privacidad | Research + Cash Lab","robots":{"index":"index","follow":"follow","max-snippet":"max-snippet:-1","max-image-preview":"max-image-preview:large","max-video-preview":"max-video-preview:-1"},"canonical":"https:\/\/www.researchcashlab.com\/en\/politica-de-privacidad\/","og_locale":"en_US","og_type":"article","og_title":"Pol\u00edtica de Privacidad | Research + Cash Lab","og_url":"https:\/\/www.researchcashlab.com\/en\/politica-de-privacidad\/","og_site_name":"Research + Cash Lab","article_modified_time":"2022-03-01T19:10:02+00:00","twitter_card":"summary_large_image","twitter_misc":{"Est. reading time":"10 minutes"},"schema":{"@context":"https:\/\/schema.org","@graph":[{"@type":"WebPage","@id":"https:\/\/www.researchcashlab.com\/politica-de-privacidad\/","url":"https:\/\/www.researchcashlab.com\/politica-de-privacidad\/","name":"Pol\u00edtica de Privacidad | Research + Cash Lab","isPartOf":{"@id":"https:\/\/www.researchcashlab.com\/#website"},"datePublished":"2017-12-10T01:41:23+00:00","dateModified":"2022-03-01T19:10:02+00:00","breadcrumb":{"@id":"https:\/\/www.researchcashlab.com\/politica-de-privacidad\/#breadcrumb"},"inLanguage":"en-US","potentialAction":[{"@type":"ReadAction","target":["https:\/\/www.researchcashlab.com\/politica-de-privacidad\/"]}]},{"@type":"BreadcrumbList","@id":"https:\/\/www.researchcashlab.com\/politica-de-privacidad\/#breadcrumb","itemListElement":[{"@type":"ListItem","position":1,"name":"Portada","item":"https:\/\/www.researchcashlab.com\/"},{"@type":"ListItem","position":2,"name":"Pol\u00edtica de Privacidad"}]},{"@type":"WebSite","@id":"https:\/\/www.researchcashlab.com\/#website","url":"https:\/\/www.researchcashlab.com\/","name":"Research + Cash Lab","description":"Integramos su investigaci&Atilde;&sup3;n al mercado de empresa","publisher":{"@id":"https:\/\/www.researchcashlab.com\/#organization"},"potentialAction":[{"@type":"SearchAction","target":{"@type":"EntryPoint","urlTemplate":"https:\/\/www.researchcashlab.com\/?s={search_term_string}"},"query-input":"required name=search_term_string"}],"inLanguage":"en-US"},{"@type":"Organization","@id":"https:\/\/www.researchcashlab.com\/#organization","name":"Research + Cash Lab","url":"https:\/\/www.researchcashlab.com\/","logo":{"@type":"ImageObject","inLanguage":"en-US","@id":"https:\/\/www.researchcashlab.com\/#\/schema\/logo\/image\/","url":"https:\/\/www.researchcashlab.com\/wp-content\/uploads\/2017\/11\/imgpsh_fullsize-1.png","contentUrl":"https:\/\/www.researchcashlab.com\/wp-content\/uploads\/2017\/11\/imgpsh_fullsize-1.png","width":579,"height":195,"caption":"Research + Cash Lab"},"image":{"@id":"https:\/\/www.researchcashlab.com\/#\/schema\/logo\/image\/"},"sameAs":["https:\/\/www.linkedin.com\/in\/irene-comeig-ramirez-70b71b7\/"]}]}},"_links":{"self":[{"href":"https:\/\/www.researchcashlab.com\/en\/wp-json\/wp\/v2\/pages\/441"}],"collection":[{"href":"https:\/\/www.researchcashlab.com\/en\/wp-json\/wp\/v2\/pages"}],"about":[{"href":"https:\/\/www.researchcashlab.com\/en\/wp-json\/wp\/v2\/types\/page"}],"author":[{"embeddable":true,"href":"https:\/\/www.researchcashlab.com\/en\/wp-json\/wp\/v2\/users\/3"}],"replies":[{"embeddable":true,"href":"https:\/\/www.researchcashlab.com\/en\/wp-json\/wp\/v2\/comments?post=441"}],"version-history":[{"count":14,"href":"https:\/\/www.researchcashlab.com\/en\/wp-json\/wp\/v2\/pages\/441\/revisions"}],"predecessor-version":[{"id":1290,"href":"https:\/\/www.researchcashlab.com\/en\/wp-json\/wp\/v2\/pages\/441\/revisions\/1290"}],"wp:attachment":[{"href":"https:\/\/www.researchcashlab.com\/en\/wp-json\/wp\/v2\/media?parent=441"}],"curies":[{"name":"wp","href":"https:\/\/api.w.org\/{rel}","templated":true}]}}